{"id":73,"date":"2026-01-20T16:15:38","date_gmt":"2026-01-20T16:15:38","guid":{"rendered":"https:\/\/ipres.es\/?page_id=73"},"modified":"2026-03-11T08:50:43","modified_gmt":"2026-03-11T08:50:43","slug":"orientacion-e-insercion-laboral","status":"publish","type":"page","link":"https:\/\/ipres.es\/ca\/orientacion-e-insercion-laboral\/","title":{"rendered":"Orientaci\u00f3 professional i inserci\u00f3 laboral"},"content":{"rendered":"\t\t<div data-elementor-type=\"wp-page\" data-elementor-id=\"73\" class=\"elementor elementor-73\" data-elementor-post-type=\"page\">\n\t\t\t\t<section class=\"elementor-element elementor-element-29100ca e-flex e-con-boxed e-con e-parent\" data-id=\"29100ca\" data-element_type=\"container\" data-e-type=\"container\" data-settings=\"{&quot;background_background&quot;:&quot;classic&quot;}\">\n\t\t\t\t\t<div class=\"e-con-inner\">\n\t\t\t\t\t<\/div>\n\t\t\t\t<\/section>\n\t\t<section class=\"elementor-element elementor-element-f1ec87c e-flex e-con-boxed e-con e-parent\" data-id=\"f1ec87c\" data-element_type=\"container\" data-e-type=\"container\">\n\t\t\t\t\t<div class=\"e-con-inner\">\n\t\t\t\t<div class=\"elementor-element elementor-element-f94003e elementor-widget elementor-widget-heading\" data-id=\"f94003e\" data-element_type=\"widget\" data-e-type=\"widget\" data-widget_type=\"heading.default\">\n\t\t\t\t\t<h1 class=\"elementor-heading-title elementor-size-default\">Inserci\u00f3n Laboral de Personas con Discapacidad<\/h1>\t\t\t\t<\/div>\n\t\t\t\t<div class=\"elementor-element elementor-element-cb7d233 elementor-widget elementor-widget-text-editor\" data-id=\"cb7d233\" data-element_type=\"widget\" data-e-type=\"widget\" data-widget_type=\"text-editor.default\">\n\t\t\t\t\t\t\t\t\t<p>Ofrecemos asesoramiento especializado en integraci\u00f3n laboral de personas con discapacidad, acompa\u00f1ando a las empresas en el desarrollo de pol\u00edticas inclusivas y responsables.<\/p><p>Asesoramos en el cumplimiento de la normativa vigente, en la aplicaci\u00f3n de medidas alternativas, en la elaboraci\u00f3n de planes de inclusi\u00f3n y en la adaptaci\u00f3n de puestos de trabajo. Nuestro objetivo es facilitar entornos laborales m\u00e1s inclusivos, sostenibles y socialmente comprometidos, generando valor tanto para la empresa como para la sociedad.<\/p>\t\t\t\t\t\t\t\t<\/div>\n\t\t\t\t\t<\/div>\n\t\t\t\t<\/section>\n\t\t<section class=\"elementor-element elementor-element-fa85d68 e-flex e-con-boxed e-con e-parent\" data-id=\"fa85d68\" data-element_type=\"container\" data-e-type=\"container\">\n\t\t\t\t\t<div class=\"e-con-inner\">\n\t\t\t\t<div class=\"elementor-element elementor-element-18180b9 elementor-widget elementor-widget-heading\" data-id=\"18180b9\" data-element_type=\"widget\" data-e-type=\"widget\" data-widget_type=\"heading.default\">\n\t\t\t\t\t<h2 class=\"elementor-heading-title elementor-size-default\">\u00bfQu\u00e9 incluye?<\/h2>\t\t\t\t<\/div>\n\t\t\t\t<div class=\"elementor-element elementor-element-e98db47 elementor-widget elementor-widget-html\" data-id=\"e98db47\" data-element_type=\"widget\" data-e-type=\"widget\" data-widget_type=\"html.default\">\n\t\t\t\t\t  <style>\r\n    :root{\r\n      --closed-a: #F0EBEF;\r\n      --closed-b: #B38EA8;\r\n      --hover:    #6E2859;\r\n\r\n      --white: #fff;\r\n      --text: #2b2b2b;\r\n\r\n      --h: 250px;          \/* alto del carrusel en desktop *\/\r\n      --tab-w: 52px;       \/* ancho de cada tab *\/\r\n      --open-w: 680px;     \/* ancho del panel abierto *\/\r\n      --radius: 12px;\r\n      --gap: 10px;\r\n      --shadow: 0 12px 28px rgba(0,0,0,.12);\r\n    }\r\n\r\n    \r\n    ul{ list-style:none; }\r\n\r\n    \/* Ocultar radios SIN moverlos fuera de la p\u00e1gina (evita el scroll) *\/\r\n.accordion input[type=\"radio\"]{\r\n  position: absolute;\r\n  width: 1px;\r\n  height: 1px;\r\n  padding: 0;\r\n  margin: -1px;\r\n  overflow: hidden;\r\n  clip: rect(0, 0, 0, 0);\r\n  white-space: nowrap;\r\n  border: 0;\r\n}\r\n\r\n    \/* Contenedor del acorde\u00f3n (horizontal) *\/\r\n    .accordion{\r\n      display:flex;\r\n      align-items: stretch;\r\n      gap: 20px;\r\n    }\r\n    \r\n\r\n    \/* Cada item contiene (panel + tab) *\/\r\n    .item{\r\n      display:flex;\r\n      height: var(--h);\r\n      border-radius: var(--radius);\r\n      overflow:hidden;\r\n      box-shadow: var(--shadow);\r\n      background: var(--white);\r\n    }\r\n\r\n    \/* Panel (contenido) - por defecto cerrado *\/\r\n    .accslide{\r\n      width: 0;\r\n      overflow:hidden;\r\n      background: var(--white);\r\n      transition: width .75s ease, padding .45s ease;\r\n      padding: 0;\r\n      display:flex;\r\n      gap: 14px;\r\n      align-items: flex-start;\r\n    }\r\n\r\n    \/* Cuando est\u00e1 abierto *\/\r\n    input:checked ~ .accslide{\r\n      width: var(--open-w);\r\n      padding: 18px 16px;\r\n    }\r\n\r\n    \/* Tab (n\u00famero) va A LA DERECHA del panel *\/\r\n    .tab{\r\n      width: var(--tab-w);\r\n      height: 100%;\r\n      display:grid;\r\n      place-items:center;\r\n      cursor:pointer;\r\n      user-select:none;\r\n      font-weight: 700;\r\n      border-radius: 0; \/* ya hay radius en el item *\/\r\n      transition: background .25s ease, color .25s ease;\r\n      background: var(--closed-a);\r\n      color: var(--text);\r\n      flex: 0 0 var(--tab-w);\r\n    }\r\n\r\n    \/* Alternancia de tabs en cerrado *\/\r\n    .item:nth-child(even) .tab{\r\n      background: var(--closed-b);\r\n      color: #fff;\r\n    }\r\n\r\n    \/* Hover (forzamos especificidad para que no lo pise nth-child) *\/\r\n    .accordion .item .tab:hover{\r\n      background: var(--hover) !important;\r\n      color: #fff !important;\r\n    }\r\n\r\n    \/* Tab activo *\/\r\n    input:checked + .tab{\r\n      background: var(--hover) !important;\r\n      color: #fff !important;\r\n    }\r\n\r\n    \/* CONTENIDO *\/\r\n    .content{\r\n      display:flex;\r\n      gap: 14px;\r\n      align-items:flex-start;\r\n      min-width: calc(var(--open-w) - 40px);\r\n    }\r\n\r\n    .text{\r\n      flex: 1 1 auto;\r\n      min-width: 240px;\r\n    }\r\n\r\n    .text h3{\r\n      font-size: 20px;\r\n      margin-bottom: 6px;\r\n      color:#1f1f1f;\r\n    }\r\n\r\n    .text p{\r\n      font-size: 16px;\r\n      line-height: 1.45;\r\n      color:#333;\r\n    }\r\n\r\n    .media{\r\n      flex: 0 0 240px;\r\n      align-self: center;\r\n    }\r\n\r\n    .media img{\r\n      width: 240px;\r\n      height: 200px;\r\n      object-fit: cover;\r\n      border-radius: 8px;\r\n      display:block;\r\n      border: 1px solid rgba(0,0,0,.06);\r\n    }\r\n\r\n    .media a{\r\n      display:inline-block;\r\n      margin-top: 6px;\r\n      font-size: 12px;\r\n      color: var(--hover);\r\n      text-decoration:none;\r\n      font-weight: 600;\r\n    }\r\n    .media a:hover{ text-decoration: underline; }\r\n\r\n    \/* RESPONSIVE: vertical, abre hacia abajo *\/\r\n    @media (max-width: 820px){\r\n      :root{\r\n        --h: auto;\r\n        --open-w: 100%;\r\n      }\r\n\r\n      .accordion{\r\n        flex-direction: column;\r\n      }\r\n\r\n      .item{\r\n        flex-direction: column; \/* tab arriba, panel abajo *\/\r\n        height: auto;\r\n      }\r\n\r\n      \/* Reordenamos para que el tab quede arriba en m\u00f3vil *\/\r\n      .tab{\r\n        width: 100%;\r\n        height: 52px;\r\n        flex: 0 0 auto;\r\n      }\r\n\r\n      \/* Panel abre por altura, no por ancho *\/\r\n      .accslide{\r\n        width: 100% !important;\r\n        max-height: 0;\r\n        padding: 0 14px;\r\n        transition: max-height .65s ease, padding .35s ease;\r\n      }\r\n\r\n      input:checked ~ .accslide{\r\n        max-height: 1200px; \/* suficiente para todo el contenido *\/\r\n        padding: 14px;\r\n      }\r\n\r\n      .content{\r\n        min-width: 0;\r\n        flex-direction: column;\r\n      }\r\n\r\n      .media{\r\n        flex: 0 0 auto;\r\n      }\r\n\r\n      .media img{\r\n        width: 100%;\r\n        height: 180px;\r\n      }\r\n    }\r\n    \/* Quitar padding\/margin por defecto del UL *\/\r\nul.accordion{\r\n  margin: 0;\r\n  padding: 0;\r\n}\r\n\r\n@media (max-width: 820px){\r\n  \/* El panel no a\u00f1ade espacio lateral *\/\r\n  .accslide{\r\n    padding: 0;\r\n  }\r\n}\r\n  <\/style>\r\n\r\n\r\n  <ul class=\"accordion\">\r\n\r\n    <!-- 1 (abierto por defecto) -->\r\n    <li class=\"item\">\r\n      <input id=\"ipres-s1\" type=\"radio\" name=\"acc\" checked>\r\n      <label class=\"tab\" for=\"ipres-s1\">1<\/label>\r\n      <div class=\"accslide\">\r\n        <div class=\"content\">\r\n          <div class=\"text\">\r\n            <h3>Identificaci\u00f3n de puestos adecuados y an\u00e1lisis de perfiles<\/h3>\r\n            <p>\r\n              An\u00e1lisis de la estructura de la empresa para identificar oportunidades de integraci\u00f3n laboral.\r\n            <\/p>\r\n          <\/div>\r\n          <div class=\"media\">\r\n            <img decoding=\"async\" src=\"https:\/\/ipres.es\/wp-content\/uploads\/2026\/03\/CDLI-1.webp\" alt=\"Imagen Picsum\">\r\n          <\/div>\r\n        <\/div>\r\n      <\/div>\r\n    <\/li>\r\n\r\n    <!-- 2 -->\r\n    <li class=\"item\">\r\n      <input id=\"ipres-s2\" type=\"radio\" name=\"acc\">\r\n      <label class=\"tab\" for=\"ipres-s2\">2<\/label>\r\n      <div class=\"accslide\">\r\n        <div class=\"content\">\r\n          <div class=\"text\">\r\n            <h3>Dise\u00f1o del plan de incorporaci\u00f3n<\/h3>\r\n            <p>\r\n              Desarrollo de un plan personalizado de inclusi\u00f3n y adaptaci\u00f3n organizativa.\r\n            <\/p>\r\n          <\/div>\r\n          <div class=\"media\">\r\n            <img decoding=\"async\" src=\"https:\/\/ipres.es\/wp-content\/uploads\/2026\/03\/CDLI-2.webp\" alt=\"Imagen Picsum\">\r\n          <\/div>\r\n        <\/div>\r\n      <\/div>\r\n    <\/li>\r\n\r\n    <!-- 3 -->\r\n    <li class=\"item\">\r\n      <input id=\"ipres-s3\" type=\"radio\" name=\"acc\">\r\n      <label class=\"tab\" for=\"ipres-s3\">3<\/label>\r\n      <div class=\"accslide\">\r\n        <div class=\"content\">\r\n          <div class=\"text\">\r\n            <h3>Acompa\u00f1amiento y seguimiento<\/h3>\r\n            <p>\r\n              Seguimiento continuo tanto a la empresa como a la persona incorporada.\r\n            <\/p>\r\n          <\/div>\r\n          <div class=\"media\">\r\n            <img decoding=\"async\" src=\"https:\/\/ipres.es\/wp-content\/uploads\/2026\/03\/CDLI-3.webp\" alt=\"Imagen Picsum\">\r\n          <\/div>\r\n        <\/div>\r\n      <\/div>\r\n    <\/li>\r\n\r\n    <!-- 4 -->\r\n    <li class=\"item\">\r\n      <input id=\"ipres-s4\" type=\"radio\" name=\"acc\">\r\n      <label class=\"tab\" for=\"ipres-s4\">4<\/label>\r\n      <div class=\"accslide\">\r\n        <div class=\"content\">\r\n          <div class=\"text\">\r\n            <h3>Formaci\u00f3n y adaptaci\u00f3n del puesto<\/h3>\r\n            <p>\r\n              Asesoramiento en ajustes razonables, sensibilizaci\u00f3n y formaci\u00f3n interna.\r\n            <\/p>\r\n          <\/div>\r\n          <div class=\"media\">\r\n            <img decoding=\"async\" src=\"https:\/\/ipres.es\/wp-content\/uploads\/2026\/03\/CDLI-4.webp\" alt=\"Imagen Picsum\">\r\n          <\/div>\r\n        <\/div>\r\n      <\/div>\r\n    <\/li>\r\n\r\n    <!-- 5 -->\r\n    <li class=\"item\">\r\n      <input id=\"ipres-s5\" type=\"radio\" name=\"acc\">\r\n      <label class=\"tab\" for=\"ipres-s5\">5<\/label>\r\n      <div class=\"accslide\">\r\n        <div class=\"content\">\r\n          <div class=\"text\">\r\n            <h3>Evaluaci\u00f3n de resultados<\/h3>\r\n            <p>\r\n              Medici\u00f3n del impacto del plan de integraci\u00f3n y propuestas de mejora.\r\n            <\/p>\r\n          <\/div>\r\n          <div class=\"media\">\r\n            <img decoding=\"async\" src=\"https:\/\/ipres.es\/wp-content\/uploads\/2026\/03\/CDLI-5.webp\" alt=\"Imagen Picsum\">\r\n          <\/div>\r\n        <\/div>\r\n      <\/div>\r\n    <\/li>\r\n\r\n  <\/ul>\t\t\t\t<\/div>\n\t\t\t\t\t<\/div>\n\t\t\t\t<\/section>\n\t\t<section class=\"elementor-element elementor-element-430369f e-flex e-con-boxed e-con e-parent\" data-id=\"430369f\" data-element_type=\"container\" data-e-type=\"container\">\n\t\t\t\t\t<div class=\"e-con-inner\">\n\t\t\t\t<div class=\"elementor-element elementor-element-7181fdc elementor-widget elementor-widget-heading\" data-id=\"7181fdc\" data-element_type=\"widget\" data-e-type=\"widget\" data-widget_type=\"heading.default\">\n\t\t\t\t\t<h2 class=\"elementor-heading-title elementor-size-default\">Descubre los beneficios de nuestra Inserci\u00f3n Laboral<\/h2>\t\t\t\t<\/div>\n\t\t<div class=\"elementor-element elementor-element-27966b7 e-grid e-con-full e-con e-child\" data-id=\"27966b7\" data-element_type=\"container\" data-e-type=\"container\">\n\t\t<article class=\"elementor-element elementor-element-fb25579 e-con-full e-flex e-con e-child\" data-id=\"fb25579\" data-element_type=\"container\" data-e-type=\"container\">\n\t\t\t\t<div class=\"elementor-element elementor-element-fe97bdc elementor-view-default elementor-widget elementor-widget-icon\" data-id=\"fe97bdc\" data-element_type=\"widget\" data-e-type=\"widget\" data-widget_type=\"icon.default\">\n\t\t\t\t\t\t\t<div class=\"elementor-icon-wrapper\">\n\t\t\t<div class=\"elementor-icon\">\n\t\t\t<svg aria-hidden=\"true\" class=\"e-font-icon-svg e-fas-balance-scale-left\" viewBox=\"0 0 640 512\" xmlns=\"http:\/\/www.w3.org\/2000\/svg\"><path d=\"M528 448H352V153.25c20.42-8.94 36.1-26.22 43.38-47.47l132-44.26c8.38-2.81 12.89-11.88 10.08-20.26l-10.17-30.34C524.48 2.54 515.41-1.97 507.03.84L389.11 40.37C375.3 16.36 349.69 0 320 0c-44.18 0-80 35.82-80 80 0 3.43.59 6.71 1.01 10.03l-128.39 43.05c-8.38 2.81-12.89 11.88-10.08 20.26l10.17 30.34c2.81 8.38 11.88 12.89 20.26 10.08l142.05-47.63c4.07 2.77 8.43 5.12 12.99 7.12V496c0 8.84 7.16 16 16 16h224c8.84 0 16-7.16 16-16v-32c-.01-8.84-7.17-16-16.01-16zm111.98-144c0-16.18 1.34-8.73-85.05-181.51-17.65-35.29-68.19-35.36-85.87 0-87.12 174.26-85.04 165.84-85.04 181.51H384c0 44.18 57.31 80 128 80s128-35.82 128-80h-.02zM440 288l72-144 72 144H440zm-269.07-37.51c-17.65-35.29-68.19-35.36-85.87 0C-2.06 424.75.02 416.33.02 432H0c0 44.18 57.31 80 128 80s128-35.82 128-80h-.02c0-16.18 1.34-8.73-85.05-181.51zM56 416l72-144 72 144H56z\"><\/path><\/svg>\t\t\t<\/div>\n\t\t<\/div>\n\t\t\t\t\t\t<\/div>\n\t\t\t\t<div class=\"elementor-element elementor-element-13c8c3c elementor-widget elementor-widget-heading\" data-id=\"13c8c3c\" data-element_type=\"widget\" data-e-type=\"widget\" data-widget_type=\"heading.default\">\n\t\t\t\t\t<h3 class=\"elementor-heading-title elementor-size-default\">Cumplimiento de la normativa en materia de discapacidad<\/h3>\t\t\t\t<\/div>\n\t\t\t\t<\/article>\n\t\t<article class=\"elementor-element elementor-element-bf69d5c e-con-full e-flex e-con e-child\" data-id=\"bf69d5c\" data-element_type=\"container\" data-e-type=\"container\">\n\t\t\t\t<div class=\"elementor-element elementor-element-1168e0b elementor-view-default elementor-widget elementor-widget-icon\" data-id=\"1168e0b\" data-element_type=\"widget\" data-e-type=\"widget\" data-widget_type=\"icon.default\">\n\t\t\t\t\t\t\t<div class=\"elementor-icon-wrapper\">\n\t\t\t<div class=\"elementor-icon\">\n\t\t\t<svg aria-hidden=\"true\" class=\"e-font-icon-svg e-fas-hand-holding-heart\" viewBox=\"0 0 576 512\" xmlns=\"http:\/\/www.w3.org\/2000\/svg\"><path d=\"M275.3 250.5c7 7.4 18.4 7.4 25.5 0l108.9-114.2c31.6-33.2 29.8-88.2-5.6-118.8-30.8-26.7-76.7-21.9-104.9 7.7L288 36.9l-11.1-11.6C248.7-4.4 202.8-9.2 172 17.5c-35.3 30.6-37.2 85.6-5.6 118.8l108.9 114.2zm290 77.6c-11.8-10.7-30.2-10-42.6 0L430.3 402c-11.3 9.1-25.4 14-40 14H272c-8.8 0-16-7.2-16-16s7.2-16 16-16h78.3c15.9 0 30.7-10.9 33.3-26.6 3.3-20-12.1-37.4-31.6-37.4H192c-27 0-53.1 9.3-74.1 26.3L71.4 384H16c-8.8 0-16 7.2-16 16v96c0 8.8 7.2 16 16 16h356.8c14.5 0 28.6-4.9 40-14L564 377c15.2-12.1 16.4-35.3 1.3-48.9z\"><\/path><\/svg>\t\t\t<\/div>\n\t\t<\/div>\n\t\t\t\t\t\t<\/div>\n\t\t\t\t<div class=\"elementor-element elementor-element-1701877 elementor-widget elementor-widget-heading\" data-id=\"1701877\" data-element_type=\"widget\" data-e-type=\"widget\" data-widget_type=\"heading.default\">\n\t\t\t\t\t<h3 class=\"elementor-heading-title elementor-size-default\">Desarrollo de pol\u00edticas inclusivas y responsables.\n<\/h3>\t\t\t\t<\/div>\n\t\t\t\t<\/article>\n\t\t<article class=\"elementor-element elementor-element-7743df2 e-con-full e-flex e-con e-child\" data-id=\"7743df2\" data-element_type=\"container\" data-e-type=\"container\">\n\t\t\t\t<div class=\"elementor-element elementor-element-ec40943 elementor-view-default elementor-widget elementor-widget-icon\" data-id=\"ec40943\" data-element_type=\"widget\" data-e-type=\"widget\" data-widget_type=\"icon.default\">\n\t\t\t\t\t\t\t<div class=\"elementor-icon-wrapper\">\n\t\t\t<div class=\"elementor-icon\">\n\t\t\t<svg aria-hidden=\"true\" class=\"e-font-icon-svg e-fas-users\" viewBox=\"0 0 640 512\" xmlns=\"http:\/\/www.w3.org\/2000\/svg\"><path d=\"M96 224c35.3 0 64-28.7 64-64s-28.7-64-64-64-64 28.7-64 64 28.7 64 64 64zm448 0c35.3 0 64-28.7 64-64s-28.7-64-64-64-64 28.7-64 64 28.7 64 64 64zm32 32h-64c-17.6 0-33.5 7.1-45.1 18.6 40.3 22.1 68.9 62 75.1 109.4h66c17.7 0 32-14.3 32-32v-32c0-35.3-28.7-64-64-64zm-256 0c61.9 0 112-50.1 112-112S381.9 32 320 32 208 82.1 208 144s50.1 112 112 112zm76.8 32h-8.3c-20.8 10-43.9 16-68.5 16s-47.6-6-68.5-16h-8.3C179.6 288 128 339.6 128 403.2V432c0 26.5 21.5 48 48 48h288c26.5 0 48-21.5 48-48v-28.8c0-63.6-51.6-115.2-115.2-115.2zm-223.7-13.4C161.5 263.1 145.6 256 128 256H64c-35.3 0-64 28.7-64 64v32c0 17.7 14.3 32 32 32h65.9c6.3-47.4 34.9-87.3 75.2-109.4z\"><\/path><\/svg>\t\t\t<\/div>\n\t\t<\/div>\n\t\t\t\t\t\t<\/div>\n\t\t\t\t<div class=\"elementor-element elementor-element-68e8cfe elementor-widget elementor-widget-heading\" data-id=\"68e8cfe\" data-element_type=\"widget\" data-e-type=\"widget\" data-widget_type=\"heading.default\">\n\t\t\t\t\t<h3 class=\"elementor-heading-title elementor-size-default\">Mejora del clima laboral y la cultura corporativa.<\/h3>\t\t\t\t<\/div>\n\t\t\t\t<\/article>\n\t\t<article class=\"elementor-element elementor-element-f406668 e-con-full e-flex e-con e-child\" data-id=\"f406668\" data-element_type=\"container\" data-e-type=\"container\">\n\t\t\t\t<div class=\"elementor-element elementor-element-be42499 elementor-view-default elementor-widget elementor-widget-icon\" data-id=\"be42499\" data-element_type=\"widget\" data-e-type=\"widget\" data-widget_type=\"icon.default\">\n\t\t\t\t\t\t\t<div class=\"elementor-icon-wrapper\">\n\t\t\t<div class=\"elementor-icon\">\n\t\t\t<svg aria-hidden=\"true\" class=\"e-font-icon-svg e-fas-hand-holding\" viewBox=\"0 0 576 512\" xmlns=\"http:\/\/www.w3.org\/2000\/svg\"><path d=\"M565.3 328.1c-11.8-10.7-30.2-10-42.6 0L430.3 402c-11.3 9.1-25.4 14-40 14H272c-8.8 0-16-7.2-16-16s7.2-16 16-16h78.3c15.9 0 30.7-10.9 33.3-26.6 3.3-20-12.1-37.4-31.6-37.4H192c-27 0-53.1 9.3-74.1 26.3L71.4 384H16c-8.8 0-16 7.2-16 16v96c0 8.8 7.2 16 16 16h356.8c14.5 0 28.6-4.9 40-14L564 377c15.2-12.1 16.4-35.3 1.3-48.9z\"><\/path><\/svg>\t\t\t<\/div>\n\t\t<\/div>\n\t\t\t\t\t\t<\/div>\n\t\t\t\t<div class=\"elementor-element elementor-element-e5832b5 elementor-widget elementor-widget-heading\" data-id=\"e5832b5\" data-element_type=\"widget\" data-e-type=\"widget\" data-widget_type=\"heading.default\">\n\t\t\t\t\t<h3 class=\"elementor-heading-title elementor-size-default\">Refuerzo de la Responsabilidad Social Empresarial (RSE)<\/h3>\t\t\t\t<\/div>\n\t\t\t\t<\/article>\n\t\t<article class=\"elementor-element elementor-element-55aef37 e-con-full e-flex e-con e-child\" data-id=\"55aef37\" data-element_type=\"container\" data-e-type=\"container\">\n\t\t\t\t<div class=\"elementor-element elementor-element-2cc8c1e elementor-view-default elementor-widget elementor-widget-icon\" data-id=\"2cc8c1e\" data-element_type=\"widget\" data-e-type=\"widget\" data-widget_type=\"icon.default\">\n\t\t\t\t\t\t\t<div class=\"elementor-icon-wrapper\">\n\t\t\t<div class=\"elementor-icon\">\n\t\t\t<svg aria-hidden=\"true\" class=\"e-font-icon-svg e-fas-seedling\" viewBox=\"0 0 512 512\" xmlns=\"http:\/\/www.w3.org\/2000\/svg\"><path d=\"M64 96H0c0 123.7 100.3 224 224 224v144c0 8.8 7.2 16 16 16h32c8.8 0 16-7.2 16-16V320C288 196.3 187.7 96 64 96zm384-64c-84.2 0-157.4 46.5-195.7 115.2 27.7 30.2 48.2 66.9 59 107.6C424 243.1 512 147.9 512 32h-64z\"><\/path><\/svg>\t\t\t<\/div>\n\t\t<\/div>\n\t\t\t\t\t\t<\/div>\n\t\t\t\t<div class=\"elementor-element elementor-element-bd5c518 elementor-widget elementor-widget-heading\" data-id=\"bd5c518\" data-element_type=\"widget\" data-e-type=\"widget\" data-widget_type=\"heading.default\">\n\t\t\t\t\t<h3 class=\"elementor-heading-title elementor-size-default\">Generaci\u00f3n de impacto social positivo con valor a\u00f1adido para la empresa<\/h3>\t\t\t\t<\/div>\n\t\t\t\t<\/article>\n\t\t\t\t<\/div>\n\t\t\t\t\t<\/div>\n\t\t\t\t<\/section>\n\t\t<section class=\"elementor-element elementor-element-a61e363 e-flex e-con-boxed e-con e-parent\" data-id=\"a61e363\" data-element_type=\"container\" data-e-type=\"container\" data-settings=\"{&quot;background_background&quot;:&quot;classic&quot;}\">\n\t\t\t\t\t<div class=\"e-con-inner\">\n\t\t\t\t<div class=\"elementor-element elementor-element-9202c97 elementor-widget elementor-widget-heading\" data-id=\"9202c97\" data-element_type=\"widget\" data-e-type=\"widget\" data-widget_type=\"heading.default\">\n\t\t\t\t\t<h2 class=\"elementor-heading-title elementor-size-default\">\u00bfTe interesa? \u00a1Ponte en contacto con nosotros!<\/h2>\t\t\t\t<\/div>\n\t\t\t\t<div class=\"elementor-element elementor-element-7283805 elementor-widget-mobile__width-initial elementor-widget elementor-widget-text-editor\" data-id=\"7283805\" data-element_type=\"widget\" data-e-type=\"widget\" data-widget_type=\"text-editor.default\">\n\t\t\t\t\t\t\t\t\t<p>Rellena el formulario que mejor se adapte a ti<br \/>y nuestro equipo te acompa\u00f1ar\u00e1 en el camino<br \/>hacia una integraci\u00f3n profesional eficaz y responsable.<\/p>\t\t\t\t\t\t\t\t<\/div>\n\t\t<div class=\"elementor-element elementor-element-29daf32 e-con-full e-flex e-con e-child\" data-id=\"29daf32\" data-element_type=\"container\" data-e-type=\"container\">\n\t\t\t\t<div class=\"elementor-element elementor-element-45d8e9c elementor-widget elementor-widget-button\" data-id=\"45d8e9c\" data-element_type=\"widget\" data-e-type=\"widget\" data-widget_type=\"button.default\">\n\t\t\t\t\t\t\t\t\t\t<a class=\"elementor-button elementor-button-link elementor-size-sm\" href=\"\/contacto\/#empresa\">\n\t\t\t\t\t\t<span class=\"elementor-button-content-wrapper\">\n\t\t\t\t\t\t\t\t\t<span class=\"elementor-button-text\">Contactar como Empresa<\/span>\n\t\t\t\t\t<\/span>\n\t\t\t\t\t<\/a>\n\t\t\t\t\t\t\t\t<\/div>\n\t\t\t\t<div class=\"elementor-element elementor-element-416ab45 elementor-widget elementor-widget-button\" data-id=\"416ab45\" data-element_type=\"widget\" data-e-type=\"widget\" data-widget_type=\"button.default\">\n\t\t\t\t\t\t\t\t\t\t<a class=\"elementor-button elementor-button-link elementor-size-sm\" href=\"\/contacto\/#trabajador\">\n\t\t\t\t\t\t<span class=\"elementor-button-content-wrapper\">\n\t\t\t\t\t\t\t\t\t<span class=\"elementor-button-text\">Contactar como Trabajador<\/span>\n\t\t\t\t\t<\/span>\n\t\t\t\t\t<\/a>\n\t\t\t\t\t\t\t\t<\/div>\n\t\t\t\t<\/div>\n\t\t\t\t\t<\/div>\n\t\t\t\t<\/section>\n\t\t<section class=\"elementor-element elementor-element-38a9be2 e-flex e-con-boxed e-con e-parent\" data-id=\"38a9be2\" data-element_type=\"container\" data-e-type=\"container\">\n\t\t\t\t\t<div class=\"e-con-inner\">\n\t\t\t\t<div class=\"elementor-element elementor-element-01ae8c6 elementor-widget elementor-widget-heading\" data-id=\"01ae8c6\" data-element_type=\"widget\" data-e-type=\"widget\" data-widget_type=\"heading.default\">\n\t\t\t\t\t<h2 class=\"elementor-heading-title elementor-size-default\">Preguntas Frecuentes sobre nuestra <br>\nInserci\u00f3n Laboral<\/h2>\t\t\t\t<\/div>\n\t\t\t\t<div class=\"elementor-element elementor-element-2a8b780 elementor-widget elementor-widget-n-accordion\" data-id=\"2a8b780\" data-element_type=\"widget\" data-e-type=\"widget\" data-settings=\"{&quot;default_state&quot;:&quot;expanded&quot;,&quot;max_items_expended&quot;:&quot;one&quot;,&quot;n_accordion_animation_duration&quot;:{&quot;unit&quot;:&quot;ms&quot;,&quot;size&quot;:400,&quot;sizes&quot;:[]}}\" data-widget_type=\"nested-accordion.default\">\n\t\t\t\t\t\t\t<div class=\"e-n-accordion\" aria-label=\"Accordion. Open links with Enter or Space, close with Escape, and navigate with Arrow Keys\">\n\t\t\t\t\t\t<details id=\"e-n-accordion-item-4460\" class=\"e-n-accordion-item\" open>\n\t\t\t\t<summary class=\"e-n-accordion-item-title\" data-accordion-index=\"1\" tabindex=\"0\" aria-expanded=\"true\" aria-controls=\"e-n-accordion-item-4460\" >\n\t\t\t\t\t<span class='e-n-accordion-item-title-header'><div class=\"e-n-accordion-item-title-text\"> \u00bfMi empresa est\u00e1 obligada a cumplir una cuota de contrataci\u00f3n? <\/div><\/span>\n\t\t\t\t\t\t\t<span class='e-n-accordion-item-title-icon'>\n\t\t\t<span class='e-opened' ><svg xmlns=\"http:\/\/www.w3.org\/2000\/svg\" width=\"25\" height=\"19\" viewBox=\"0 0 25 19\" fill=\"none\"><path d=\"M3.73162 -8.58307e-05L21.2733 -8.58307e-05C21.9658 -0.00108719 22.6445 0.194052 23.2307 0.562746C23.8169 0.93144 24.2867 1.45861 24.5858 2.08325C24.9359 2.82438 25.0707 3.64894 24.9749 4.46297C24.8791 5.277 24.5566 6.04776 24.0441 6.68741L15.2733 17.3124C14.9291 17.7096 14.5035 18.0281 14.0255 18.2464C13.5474 18.4647 13.028 18.5776 12.5024 18.5776C11.9769 18.5776 11.4575 18.4647 10.9794 18.2464C10.5014 18.0281 10.0758 17.7096 9.73162 17.3124L0.960781 6.68741C0.448269 6.04776 0.125751 5.277 0.0299835 4.46297C-0.0657845 3.64894 0.0690498 2.82438 0.419119 2.08325C0.718164 1.45861 1.18799 0.93144 1.77421 0.562746C2.36044 0.194052 3.03909 -0.00108719 3.73162 -8.58307e-05Z\" fill=\"#6E2859\"><\/path><\/svg><\/span>\n\t\t\t<span class='e-closed'><svg xmlns=\"http:\/\/www.w3.org\/2000\/svg\" width=\"19\" height=\"25\" viewBox=\"0 0 19 25\" fill=\"none\"><path d=\"M-8.58307e-05 21.2733L-8.58307e-05 3.7316C-0.00108719 3.03907 0.194052 2.36042 0.562746 1.7742C0.93144 1.18797 1.45861 0.718145 2.08325 0.419099C2.82438 0.0690316 3.64894 -0.0657999 4.46297 0.0299686C5.277 0.125737 6.04776 0.448254 6.68741 0.960767L17.3124 9.7316C17.7096 10.0758 18.0281 10.5014 18.2464 10.9794C18.4647 11.4575 18.5776 11.9769 18.5776 12.5024C18.5776 13.028 18.4647 13.5474 18.2464 14.0254C18.0281 14.5035 17.7096 14.9291 17.3124 15.2733L6.68741 24.0441C6.04776 24.5566 5.277 24.8791 4.46297 24.9749C3.64894 25.0707 2.82438 24.9358 2.08325 24.5858C1.45861 24.2867 0.93144 23.8169 0.562746 23.2307C0.194052 22.6444 -0.00108719 21.9658 -8.58307e-05 21.2733Z\" fill=\"#6E2859\"><\/path><\/svg><\/span>\n\t\t<\/span>\n\n\t\t\t\t\t\t<\/summary>\n\t\t\t\t<div role=\"region\" aria-labelledby=\"e-n-accordion-item-4460\" class=\"elementor-element elementor-element-02b1c8e e-con-full e-flex e-con e-child\" data-id=\"02b1c8e\" data-element_type=\"container\" data-e-type=\"container\">\n\t\t\t\t<div class=\"elementor-element elementor-element-f75edfb elementor-widget elementor-widget-text-editor\" data-id=\"f75edfb\" data-element_type=\"widget\" data-e-type=\"widget\" data-widget_type=\"text-editor.default\">\n\t\t\t\t\t\t\t\t\t<p>Las empresas de m\u00e1s de 50 trabajadores deben cumplir con la normativa vigente en materia de discapacidad o aplicar medidas alternativas.<\/p>\t\t\t\t\t\t\t\t<\/div>\n\t\t\t\t<\/div>\n\t\t\t\t\t<\/details>\n\t\t\t\t\t\t<details id=\"e-n-accordion-item-4461\" class=\"e-n-accordion-item\" >\n\t\t\t\t<summary class=\"e-n-accordion-item-title\" data-accordion-index=\"2\" tabindex=\"-1\" aria-expanded=\"false\" aria-controls=\"e-n-accordion-item-4461\" >\n\t\t\t\t\t<span class='e-n-accordion-item-title-header'><div class=\"e-n-accordion-item-title-text\"> \u00bfQu\u00e9 tipo de asesoramiento ofrec\u00e9is? <\/div><\/span>\n\t\t\t\t\t\t\t<span class='e-n-accordion-item-title-icon'>\n\t\t\t<span class='e-opened' ><svg xmlns=\"http:\/\/www.w3.org\/2000\/svg\" width=\"25\" height=\"19\" viewBox=\"0 0 25 19\" fill=\"none\"><path d=\"M3.73162 -8.58307e-05L21.2733 -8.58307e-05C21.9658 -0.00108719 22.6445 0.194052 23.2307 0.562746C23.8169 0.93144 24.2867 1.45861 24.5858 2.08325C24.9359 2.82438 25.0707 3.64894 24.9749 4.46297C24.8791 5.277 24.5566 6.04776 24.0441 6.68741L15.2733 17.3124C14.9291 17.7096 14.5035 18.0281 14.0255 18.2464C13.5474 18.4647 13.028 18.5776 12.5024 18.5776C11.9769 18.5776 11.4575 18.4647 10.9794 18.2464C10.5014 18.0281 10.0758 17.7096 9.73162 17.3124L0.960781 6.68741C0.448269 6.04776 0.125751 5.277 0.0299835 4.46297C-0.0657845 3.64894 0.0690498 2.82438 0.419119 2.08325C0.718164 1.45861 1.18799 0.93144 1.77421 0.562746C2.36044 0.194052 3.03909 -0.00108719 3.73162 -8.58307e-05Z\" fill=\"#6E2859\"><\/path><\/svg><\/span>\n\t\t\t<span class='e-closed'><svg xmlns=\"http:\/\/www.w3.org\/2000\/svg\" width=\"19\" height=\"25\" viewBox=\"0 0 19 25\" fill=\"none\"><path d=\"M-8.58307e-05 21.2733L-8.58307e-05 3.7316C-0.00108719 3.03907 0.194052 2.36042 0.562746 1.7742C0.93144 1.18797 1.45861 0.718145 2.08325 0.419099C2.82438 0.0690316 3.64894 -0.0657999 4.46297 0.0299686C5.277 0.125737 6.04776 0.448254 6.68741 0.960767L17.3124 9.7316C17.7096 10.0758 18.0281 10.5014 18.2464 10.9794C18.4647 11.4575 18.5776 11.9769 18.5776 12.5024C18.5776 13.028 18.4647 13.5474 18.2464 14.0254C18.0281 14.5035 17.7096 14.9291 17.3124 15.2733L6.68741 24.0441C6.04776 24.5566 5.277 24.8791 4.46297 24.9749C3.64894 25.0707 2.82438 24.9358 2.08325 24.5858C1.45861 24.2867 0.93144 23.8169 0.562746 23.2307C0.194052 22.6444 -0.00108719 21.9658 -8.58307e-05 21.2733Z\" fill=\"#6E2859\"><\/path><\/svg><\/span>\n\t\t<\/span>\n\n\t\t\t\t\t\t<\/summary>\n\t\t\t\t<div role=\"region\" aria-labelledby=\"e-n-accordion-item-4461\" class=\"elementor-element elementor-element-ca90f43 e-con-full e-flex e-con e-child\" data-id=\"ca90f43\" data-element_type=\"container\" data-e-type=\"container\">\n\t\t\t\t<div class=\"elementor-element elementor-element-42c45ce elementor-widget elementor-widget-text-editor\" data-id=\"42c45ce\" data-element_type=\"widget\" data-e-type=\"widget\" data-widget_type=\"text-editor.default\">\n\t\t\t\t\t\t\t\t\t<p>An\u00e1lisis de cumplimiento normativo, planes de inclusi\u00f3n, adaptaci\u00f3n de puestos y medidas alternativas.<\/p>\t\t\t\t\t\t\t\t<\/div>\n\t\t\t\t<\/div>\n\t\t\t\t\t<\/details>\n\t\t\t\t\t\t<details id=\"e-n-accordion-item-4462\" class=\"e-n-accordion-item\" >\n\t\t\t\t<summary class=\"e-n-accordion-item-title\" data-accordion-index=\"3\" tabindex=\"-1\" aria-expanded=\"false\" aria-controls=\"e-n-accordion-item-4462\" >\n\t\t\t\t\t<span class='e-n-accordion-item-title-header'><div class=\"e-n-accordion-item-title-text\"> \u00bfAcompa\u00f1\u00e1is durante todo el proceso? <\/div><\/span>\n\t\t\t\t\t\t\t<span class='e-n-accordion-item-title-icon'>\n\t\t\t<span class='e-opened' ><svg xmlns=\"http:\/\/www.w3.org\/2000\/svg\" width=\"25\" height=\"19\" viewBox=\"0 0 25 19\" fill=\"none\"><path d=\"M3.73162 -8.58307e-05L21.2733 -8.58307e-05C21.9658 -0.00108719 22.6445 0.194052 23.2307 0.562746C23.8169 0.93144 24.2867 1.45861 24.5858 2.08325C24.9359 2.82438 25.0707 3.64894 24.9749 4.46297C24.8791 5.277 24.5566 6.04776 24.0441 6.68741L15.2733 17.3124C14.9291 17.7096 14.5035 18.0281 14.0255 18.2464C13.5474 18.4647 13.028 18.5776 12.5024 18.5776C11.9769 18.5776 11.4575 18.4647 10.9794 18.2464C10.5014 18.0281 10.0758 17.7096 9.73162 17.3124L0.960781 6.68741C0.448269 6.04776 0.125751 5.277 0.0299835 4.46297C-0.0657845 3.64894 0.0690498 2.82438 0.419119 2.08325C0.718164 1.45861 1.18799 0.93144 1.77421 0.562746C2.36044 0.194052 3.03909 -0.00108719 3.73162 -8.58307e-05Z\" fill=\"#6E2859\"><\/path><\/svg><\/span>\n\t\t\t<span class='e-closed'><svg xmlns=\"http:\/\/www.w3.org\/2000\/svg\" width=\"19\" height=\"25\" viewBox=\"0 0 19 25\" fill=\"none\"><path d=\"M-8.58307e-05 21.2733L-8.58307e-05 3.7316C-0.00108719 3.03907 0.194052 2.36042 0.562746 1.7742C0.93144 1.18797 1.45861 0.718145 2.08325 0.419099C2.82438 0.0690316 3.64894 -0.0657999 4.46297 0.0299686C5.277 0.125737 6.04776 0.448254 6.68741 0.960767L17.3124 9.7316C17.7096 10.0758 18.0281 10.5014 18.2464 10.9794C18.4647 11.4575 18.5776 11.9769 18.5776 12.5024C18.5776 13.028 18.4647 13.5474 18.2464 14.0254C18.0281 14.5035 17.7096 14.9291 17.3124 15.2733L6.68741 24.0441C6.04776 24.5566 5.277 24.8791 4.46297 24.9749C3.64894 25.0707 2.82438 24.9358 2.08325 24.5858C1.45861 24.2867 0.93144 23.8169 0.562746 23.2307C0.194052 22.6444 -0.00108719 21.9658 -8.58307e-05 21.2733Z\" fill=\"#6E2859\"><\/path><\/svg><\/span>\n\t\t<\/span>\n\n\t\t\t\t\t\t<\/summary>\n\t\t\t\t<div role=\"region\" aria-labelledby=\"e-n-accordion-item-4462\" class=\"elementor-element elementor-element-491d356 e-con-full e-flex e-con e-child\" data-id=\"491d356\" data-element_type=\"container\" data-e-type=\"container\">\n\t\t\t\t<div class=\"elementor-element elementor-element-e0b2912 elementor-widget elementor-widget-text-editor\" data-id=\"e0b2912\" data-element_type=\"widget\" data-e-type=\"widget\" data-widget_type=\"text-editor.default\">\n\t\t\t\t\t\t\t\t\t<p>S\u00ed, ofrecemos seguimiento continuo tanto a la empresa como a las personas incorporadas.<\/p>\t\t\t\t\t\t\t\t<\/div>\n\t\t\t\t<\/div>\n\t\t\t\t\t<\/details>\n\t\t\t\t\t\t<details id=\"e-n-accordion-item-4463\" class=\"e-n-accordion-item\" >\n\t\t\t\t<summary class=\"e-n-accordion-item-title\" data-accordion-index=\"4\" tabindex=\"-1\" aria-expanded=\"false\" aria-controls=\"e-n-accordion-item-4463\" >\n\t\t\t\t\t<span class='e-n-accordion-item-title-header'><div class=\"e-n-accordion-item-title-text\"> \u00bfLa consultor\u00eda se adapta a cualquier sector? <\/div><\/span>\n\t\t\t\t\t\t\t<span class='e-n-accordion-item-title-icon'>\n\t\t\t<span class='e-opened' ><svg xmlns=\"http:\/\/www.w3.org\/2000\/svg\" width=\"25\" height=\"19\" viewBox=\"0 0 25 19\" fill=\"none\"><path d=\"M3.73162 -8.58307e-05L21.2733 -8.58307e-05C21.9658 -0.00108719 22.6445 0.194052 23.2307 0.562746C23.8169 0.93144 24.2867 1.45861 24.5858 2.08325C24.9359 2.82438 25.0707 3.64894 24.9749 4.46297C24.8791 5.277 24.5566 6.04776 24.0441 6.68741L15.2733 17.3124C14.9291 17.7096 14.5035 18.0281 14.0255 18.2464C13.5474 18.4647 13.028 18.5776 12.5024 18.5776C11.9769 18.5776 11.4575 18.4647 10.9794 18.2464C10.5014 18.0281 10.0758 17.7096 9.73162 17.3124L0.960781 6.68741C0.448269 6.04776 0.125751 5.277 0.0299835 4.46297C-0.0657845 3.64894 0.0690498 2.82438 0.419119 2.08325C0.718164 1.45861 1.18799 0.93144 1.77421 0.562746C2.36044 0.194052 3.03909 -0.00108719 3.73162 -8.58307e-05Z\" fill=\"#6E2859\"><\/path><\/svg><\/span>\n\t\t\t<span class='e-closed'><svg xmlns=\"http:\/\/www.w3.org\/2000\/svg\" width=\"19\" height=\"25\" viewBox=\"0 0 19 25\" fill=\"none\"><path d=\"M-8.58307e-05 21.2733L-8.58307e-05 3.7316C-0.00108719 3.03907 0.194052 2.36042 0.562746 1.7742C0.93144 1.18797 1.45861 0.718145 2.08325 0.419099C2.82438 0.0690316 3.64894 -0.0657999 4.46297 0.0299686C5.277 0.125737 6.04776 0.448254 6.68741 0.960767L17.3124 9.7316C17.7096 10.0758 18.0281 10.5014 18.2464 10.9794C18.4647 11.4575 18.5776 11.9769 18.5776 12.5024C18.5776 13.028 18.4647 13.5474 18.2464 14.0254C18.0281 14.5035 17.7096 14.9291 17.3124 15.2733L6.68741 24.0441C6.04776 24.5566 5.277 24.8791 4.46297 24.9749C3.64894 25.0707 2.82438 24.9358 2.08325 24.5858C1.45861 24.2867 0.93144 23.8169 0.562746 23.2307C0.194052 22.6444 -0.00108719 21.9658 -8.58307e-05 21.2733Z\" fill=\"#6E2859\"><\/path><\/svg><\/span>\n\t\t<\/span>\n\n\t\t\t\t\t\t<\/summary>\n\t\t\t\t<div role=\"region\" aria-labelledby=\"e-n-accordion-item-4463\" class=\"elementor-element elementor-element-60df976 e-con-full e-flex e-con e-child\" data-id=\"60df976\" data-element_type=\"container\" data-e-type=\"container\">\n\t\t\t\t<div class=\"elementor-element elementor-element-33827ba elementor-widget elementor-widget-text-editor\" data-id=\"33827ba\" data-element_type=\"widget\" data-e-type=\"widget\" data-widget_type=\"text-editor.default\">\n\t\t\t\t\t\t\t\t\t<p>S\u00ed, dise\u00f1amos soluciones personalizadas seg\u00fan la actividad y estructura de cada empresa.<\/p>\t\t\t\t\t\t\t\t<\/div>\n\t\t\t\t<\/div>\n\t\t\t\t\t<\/details>\n\t\t\t\t\t<\/div>\n\t\t\t\t\t\t<\/div>\n\t\t\t\t\t<\/div>\n\t\t\t\t<\/section>\n\t\t\t\t<\/div>\n\t\t","protected":false},"excerpt":{"rendered":"<p>Inserci\u00f3n Laboral de Personas con Discapacidad Ofrecemos asesoramiento especializado en integraci\u00f3n laboral de personas con discapacidad, acompa\u00f1ando a las empresas en el desarrollo de pol\u00edticas inclusivas y responsables. Asesoramos en el cumplimiento de la normativa vigente, en la aplicaci\u00f3n de medidas alternativas, en la elaboraci\u00f3n de planes de inclusi\u00f3n y en la adaptaci\u00f3n de puestos [&hellip;]<\/p>\n","protected":false},"author":1,"featured_media":0,"parent":0,"menu_order":0,"comment_status":"closed","ping_status":"closed","template":"elementor_header_footer","meta":{"_acf_changed":false,"give_campaign_id":0,"footnotes":""},"class_list":["post-73","page","type-page","status-publish","hentry"],"acf":[],"yoast_head":"<!-- This site is optimized with the Yoast SEO plugin v27.2 - https:\/\/yoast.com\/product\/yoast-seo-wordpress\/ -->\n<title>Inserci\u00f3n laboral de personas con discapacidad | IPRES<\/title>\n<meta name=\"description\" content=\"Servicio de inserci\u00f3n laboral de personas con discapacidad con orientaci\u00f3n, acompa\u00f1amiento y programas adaptados en Barcelona.\" \/>\n<meta name=\"robots\" content=\"index, follow, max-snippet:-1, max-image-preview:large, max-video-preview:-1\" \/>\n<link rel=\"canonical\" href=\"https:\/\/ipres.es\/ca\/orientacion-e-insercion-laboral\/\" \/>\n<meta property=\"og:locale\" content=\"ca_ES\" \/>\n<meta property=\"og:type\" content=\"article\" \/>\n<meta property=\"og:title\" content=\"Inserci\u00f3n laboral de personas con discapacidad | IPRES\" \/>\n<meta property=\"og:description\" content=\"Servicio de inserci\u00f3n laboral de personas con discapacidad con orientaci\u00f3n, acompa\u00f1amiento y programas adaptados en Barcelona.\" \/>\n<meta property=\"og:url\" content=\"https:\/\/ipres.es\/ca\/orientacion-e-insercion-laboral\/\" \/>\n<meta property=\"og:site_name\" content=\"IPRES\" \/>\n<meta property=\"article:modified_time\" content=\"2026-03-11T08:50:43+00:00\" \/>\n<meta property=\"og:image\" content=\"https:\/\/ipres.es\/wp-content\/uploads\/2026\/03\/CDLI-1.webp\" \/>\n<meta name=\"twitter:card\" content=\"summary_large_image\" \/>\n<meta name=\"twitter:label1\" content=\"Temps estimat de lectura\" \/>\n\t<meta name=\"twitter:data1\" content=\"5 minuts\" \/>\n<!-- \/ Yoast SEO plugin. -->","yoast_head_json":{"title":"Inserci\u00f3n laboral de personas con discapacidad | IPRES","description":"Servicio de inserci\u00f3n laboral de personas con discapacidad con orientaci\u00f3n, acompa\u00f1amiento y programas adaptados en Barcelona.","robots":{"index":"index","follow":"follow","max-snippet":"max-snippet:-1","max-image-preview":"max-image-preview:large","max-video-preview":"max-video-preview:-1"},"canonical":"https:\/\/ipres.es\/ca\/orientacion-e-insercion-laboral\/","og_locale":"ca_ES","og_type":"article","og_title":"Inserci\u00f3n laboral de personas con discapacidad | IPRES","og_description":"Servicio de inserci\u00f3n laboral de personas con discapacidad con orientaci\u00f3n, acompa\u00f1amiento y programas adaptados en Barcelona.","og_url":"https:\/\/ipres.es\/ca\/orientacion-e-insercion-laboral\/","og_site_name":"IPRES","article_modified_time":"2026-03-11T08:50:43+00:00","og_image":[{"url":"https:\/\/ipres.es\/wp-content\/uploads\/2026\/03\/CDLI-1.webp","type":"","width":"","height":""}],"twitter_card":"summary_large_image","twitter_misc":{"Temps estimat de lectura":"5 minuts"},"schema":{"@context":"https:\/\/schema.org","@graph":[{"@type":"WebPage","@id":"https:\/\/ipres.es\/orientacion-e-insercion-laboral\/","url":"https:\/\/ipres.es\/orientacion-e-insercion-laboral\/","name":"Inserci\u00f3n laboral de personas con discapacidad | IPRES","isPartOf":{"@id":"https:\/\/ipres.es\/#website"},"primaryImageOfPage":{"@id":"https:\/\/ipres.es\/orientacion-e-insercion-laboral\/#primaryimage"},"image":{"@id":"https:\/\/ipres.es\/orientacion-e-insercion-laboral\/#primaryimage"},"thumbnailUrl":"https:\/\/ipres.es\/wp-content\/uploads\/2026\/03\/CDLI-1.webp","datePublished":"2026-01-20T16:15:38+00:00","dateModified":"2026-03-11T08:50:43+00:00","description":"Servicio de inserci\u00f3n laboral de personas con discapacidad con orientaci\u00f3n, acompa\u00f1amiento y programas adaptados en Barcelona.","breadcrumb":{"@id":"https:\/\/ipres.es\/orientacion-e-insercion-laboral\/#breadcrumb"},"inLanguage":"ca","potentialAction":[{"@type":"ReadAction","target":["https:\/\/ipres.es\/orientacion-e-insercion-laboral\/"]}]},{"@type":"ImageObject","inLanguage":"ca","@id":"https:\/\/ipres.es\/orientacion-e-insercion-laboral\/#primaryimage","url":"https:\/\/ipres.es\/wp-content\/uploads\/2026\/03\/CDLI-1.webp","contentUrl":"https:\/\/ipres.es\/wp-content\/uploads\/2026\/03\/CDLI-1.webp"},{"@type":"BreadcrumbList","@id":"https:\/\/ipres.es\/orientacion-e-insercion-laboral\/#breadcrumb","itemListElement":[{"@type":"ListItem","position":1,"name":"Portada","item":"https:\/\/ipres.es\/"},{"@type":"ListItem","position":2,"name":"Orientaci\u00f3n e Inserci\u00f3n Laboral"}]},{"@type":"WebSite","@id":"https:\/\/ipres.es\/#website","url":"https:\/\/ipres.es\/","name":"IPRES","description":"","publisher":{"@id":"https:\/\/ipres.es\/#organization"},"potentialAction":[{"@type":"SearchAction","target":{"@type":"EntryPoint","urlTemplate":"https:\/\/ipres.es\/?s={search_term_string}"},"query-input":{"@type":"PropertyValueSpecification","valueRequired":true,"valueName":"search_term_string"}}],"inLanguage":"ca"},{"@type":"Organization","@id":"https:\/\/ipres.es\/#organization","name":"IPRES","url":"https:\/\/ipres.es\/","logo":{"@type":"ImageObject","inLanguage":"ca","@id":"https:\/\/ipres.es\/#\/schema\/logo\/image\/","url":"https:\/\/ipres.es\/wp-content\/uploads\/2026\/01\/logo_ipres.png","contentUrl":"https:\/\/ipres.es\/wp-content\/uploads\/2026\/01\/logo_ipres.png","width":147,"height":102,"caption":"IPRES"},"image":{"@id":"https:\/\/ipres.es\/#\/schema\/logo\/image\/"}}]}},"campaignId":"","_links":{"self":[{"href":"https:\/\/ipres.es\/ca\/wp-json\/wp\/v2\/pages\/73","targetHints":{"allow":["GET"]}}],"collection":[{"href":"https:\/\/ipres.es\/ca\/wp-json\/wp\/v2\/pages"}],"about":[{"href":"https:\/\/ipres.es\/ca\/wp-json\/wp\/v2\/types\/page"}],"author":[{"embeddable":true,"href":"https:\/\/ipres.es\/ca\/wp-json\/wp\/v2\/users\/1"}],"replies":[{"embeddable":true,"href":"https:\/\/ipres.es\/ca\/wp-json\/wp\/v2\/comments?post=73"}],"version-history":[{"count":77,"href":"https:\/\/ipres.es\/ca\/wp-json\/wp\/v2\/pages\/73\/revisions"}],"predecessor-version":[{"id":1213,"href":"https:\/\/ipres.es\/ca\/wp-json\/wp\/v2\/pages\/73\/revisions\/1213"}],"wp:attachment":[{"href":"https:\/\/ipres.es\/ca\/wp-json\/wp\/v2\/media?parent=73"}],"curies":[{"name":"wp","href":"https:\/\/api.w.org\/{rel}","templated":true}]}}